























{"id":162,"date":"2011-07-22T17:40:30","date_gmt":"2011-07-22T17:40:30","guid":{"rendered":"http:\/\/www.ctmsonora.org\/?page_id=162"},"modified":"2018-02-27T18:09:34","modified_gmt":"2018-02-27T18:09:34","slug":"162-2","status":"publish","type":"page","link":"http:\/\/www.ctmsonora.org\/?page_id=162","title":{"rendered":"DIRIGENTES ANTERIORES"},"content":{"rendered":"\n<div class=\"featured-boxes\">\n<div class=\"row\">\n<div class=\"col-md-3 col-sm-6\">\n<div class=\"featured-box featured-box-primary featured-box-effect-1\">\n<div class=\"box-content\">\n                                                                                <img decoding=\"async\" style=\"margin:0 auto;\" class=\"img-responsive center\" src=\"wp-content\/themes\/awaken\/images\/dirigentes\/dirigente_01.png\"><\/p>\n<h4 class=\"text-uppercase tit-dirigentes\"><span style=\"font-weight:bold; \">Jacinto L\u00f3pez Moreno<\/span><\/h4>\n<p><a href=\"wp-content\/themes\/awaken\/documentos\/dirigentes\/JACINTO_LOPEZ_MORENO.pdf\" class=\"lnk-primary learn-more\">1937-1941<\/a><\/p>\n<\/p><\/div>\n<\/p><\/div>\n<\/p><\/div>\n<div class=\"col-md-3 col-sm-6\">\n<div class=\"featured-box featured-box-primary featured-box-effect-1\">\n<div class=\"box-content\">\n                                                                                <img decoding=\"async\" style=\"margin:0 auto;\" class=\"img-responsive center\" src=\"wp-content\/themes\/awaken\/images\/dirigentes\/dirigente_02.png\"><\/p>\n<h4 class=\"text-uppercase tit-dirigentes\"><span style=\"font-weight:bold;\">Manuel Corbal\u00e1 Acu\u00f1a<\/span><\/h4>\n<p><a href=\"wp-content\/themes\/awaken\/documentos\/dirigentes\/MANUEL_CORBALA.pdf\" class=\"lnk-primary learn-more\">1941-1943<\/a><\/p>\n<\/p><\/div>\n<\/p><\/div>\n<\/p><\/div>\n<div class=\"col-md-3 col-sm-6\">\n<div class=\"featured-box featured-box-primary featured-box-effect-1\">\n<div class=\"box-content\">\n                                                                                <img decoding=\"async\" style=\"margin:0 auto;\" class=\"img-responsive center\" src=\"wp-content\/themes\/awaken\/images\/dirigentes\/dirigente_03.png\"><\/p>\n<h4 class=\"text-uppercase tit-dirigentes\"><span style=\"font-weight:bold;\">Hermenegildo Pe\u00f1a Valencia<\/span><\/h4>\n<p><a href=\"wp-content\/themes\/awaken\/documentos\/dirigentes\/HERMANEGILDO_PENA.pdf\" class=\"lnk-primary learn-more\">1943-1945<\/a><\/p>\n<\/p><\/div>\n<\/p><\/div>\n<\/p><\/div>\n<div class=\"col-md-3 col-sm-6\">\n<div class=\"featured-box featured-box-primary featured-box-effect-1\">\n<div class=\"box-content\">\n                                                                                <img decoding=\"async\" style=\"margin:0 auto;\" class=\"img-responsive center\" src=\"wp-content\/themes\/awaken\/images\/dirigentes\/dirigente_04.png\"><\/p>\n<h4 class=\"text-uppercase tit-dirigentes\"><span style=\"font-weight:bold;\">Vicente Padilla Hern\u00e1ndez<\/span><\/h4>\n<p><a href=\"wp-content\/themes\/awaken\/documentos\/dirigentes\/VICENTE_PADILLA_HERNANDEZ.pdf\" class=\"lnk-primary learn-more\">1945-1946<\/a><\/p>\n<\/p><\/div>\n<\/p><\/div>\n<\/p><\/div>\n<\/p><\/div>\n<div class=\"row\">\n<div class=\"col-md-3 col-sm-6\">\n<div class=\"featured-box featured-box-primary featured-box-effect-1\">\n<div class=\"box-content\">\n                                                                                <img decoding=\"async\" style=\"margin:0 auto;\" class=\"img-responsive center\" src=\"wp-content\/themes\/awaken\/images\/dirigentes\/dirigente_05.png\"><\/p>\n<h4 class=\"text-uppercase tit-dirigentes\"><span style=\"font-weight:bold;\">Francisco Figueroa Mendoza<\/span><\/h4>\n<p><a href=\"wp-content\/themes\/awaken\/documentos\/dirigentes\/FRANCISCO_FIGUEROA_MENDOZA.pdf\" class=\"lnk-primary learn-more\">1946-1948<\/a><\/p>\n<\/p><\/div>\n<\/p><\/div>\n<\/p><\/div>\n<div class=\"col-md-3 col-sm-6\">\n<div class=\"featured-box featured-box-primary featured-box-effect-1\">\n<div class=\"box-content\">\n                                                                                <img decoding=\"async\" style=\"margin:0 auto;\" class=\"img-responsive center\" src=\"wp-content\/themes\/awaken\/images\/dirigentes\/dirigente_06.png\"><\/p>\n<h4 class=\"text-uppercase tit-dirigentes\"><span style=\"font-weight:bold;\">Francisco C\u00e9sar Medina Hoyos<\/span><\/h4>\n<p><a href=\"wp-content\/themes\/awaken\/documentos\/dirigentes\/FRANCISCO_CESAR_MEDINA_HOYOS.pdf\" class=\"lnk-primary learn-more\">1952-1957<\/a><\/p>\n<\/p><\/div>\n<\/p><\/div>\n<\/p><\/div>\n<div class=\"col-md-3 col-sm-6\">\n<div class=\"featured-box featured-box-primary featured-box-effect-1\">\n<div class=\"box-content\">\n                                                                                <img decoding=\"async\" style=\"margin:0 auto;\" class=\"img-responsive center\" src=\"wp-content\/themes\/awaken\/images\/dirigentes\/dirigente_07.png\"><\/p>\n<h4 class=\"text-uppercase tit-dirigentes\"><span style=\"font-weight:bold;\">Jes\u00fas Nieblas Ort\u00edz<\/span><\/h4>\n<p><a href=\"wp-content\/themes\/awaken\/documentos\/dirigentes\/JESUS_NIEBLAS_ORTIZ.pdf\" class=\"lnk-primary learn-more\">1957-1961<\/a><\/p>\n<\/p><\/div>\n<\/p><\/div>\n<\/p><\/div>\n<div class=\"col-md-3 col-sm-6\">\n<div class=\"featured-box featured-box-primary featured-box-effect-1\">\n<div class=\"box-content\">\n                                                                                <img decoding=\"async\" style=\"margin:0 auto;\" class=\"img-responsive center\" src=\"wp-content\/themes\/awaken\/images\/dirigentes\/dirigente_08.png\"><\/p>\n<h4 class=\"text-uppercase tit-dirigentes\"><span style=\"font-weight:bold;\">Alfredo Bojorquez Apodaca<\/span><\/h4>\n<p><a href=\"wp-content\/themes\/awaken\/documentos\/dirigentes\/ALFREDO_BOJORQUEZ_APODACA.pdf\" class=\"lnk-primary learn-more\">1961-1964<\/a><\/p>\n<\/p><\/div>\n<\/p><\/div>\n<\/p><\/div>\n<\/p><\/div>\n<div class=\"row\">\n<div class=\"col-md-3 col-sm-6\">\n<div class=\"featured-box featured-box-primary featured-box-effect-1\">\n<div class=\"box-content\">\n                                                                                <img decoding=\"async\" style=\"margin:0 auto;\" class=\"img-responsive center\" src=\"wp-content\/themes\/awaken\/images\/dirigentes\/dirigente_09.png\"><\/p>\n<h4 class=\"text-uppercase tit-dirigentes\"><span style=\"font-weight:bold;\">Nicolas Rocha Valenzuela<\/span><\/h4>\n<p><a href=\"wp-content\/themes\/awaken\/documentos\/dirigentes\/NICOLAS_ROCHA_VALENZUELA.pdf\" class=\"lnk-primary learn-more\">1964-1967<\/a><\/p>\n<\/p><\/div>\n<\/p><\/div>\n<\/p><\/div>\n<div class=\"col-md-3 col-sm-6\">\n<div class=\"featured-box featured-box-primary featured-box-effect-1\">\n<div class=\"box-content\">\n                                                                                <img decoding=\"async\" style=\"margin:0 auto;\" class=\"img-responsive center\" src=\"wp-content\/themes\/awaken\/images\/dirigentes\/dirigente_10.png\"><\/p>\n<h4 class=\"text-uppercase tit-dirigentes\"><span style=\"font-weight:bold;\">Manuel R. Bobadilla<\/span><\/h4>\n<p><a href=\"wp-content\/themes\/awaken\/documentos\/dirigentes\/MANUEL_R_BOBADILLA.pdf\" class=\"lnk-primary learn-more\">1958-1961, 1967-1978<\/a><\/p>\n<\/p><\/div>\n<\/p><\/div>\n<\/p><\/div>\n<div class=\"col-md-3 col-sm-6\">\n<div class=\"featured-box featured-box-primary featured-box-effect-1\">\n<div class=\"box-content\">\n                                                                                <img decoding=\"async\" style=\"margin:0 auto;\" class=\"img-responsive center\" src=\"wp-content\/themes\/awaken\/images\/dirigentes\/dirigente_11.png\"><\/p>\n<h4 class=\"text-uppercase tit-dirigentes\"><span style=\"font-weight:bold;\">Ricardo Valencia y Souza<\/span><\/h4>\n<p><a href=\"wp-content\/themes\/awaken\/documentos\/dirigentes\/RICARDO_VALENCIA_Y_SOUZA.pdf\" class=\"lnk-primary learn-more\">1978-1980<\/a><\/p>\n<\/p><\/div>\n<\/p><\/div>\n<\/p><\/div>\n<div class=\"col-md-3 col-sm-6\">\n<div class=\"featured-box featured-box-primary featured-box-effect-1\">\n<div class=\"box-content\">\n                                                                                <img decoding=\"async\" style=\"margin:0 auto;\" class=\"img-responsive center\" src=\"wp-content\/themes\/awaken\/images\/dirigentes\/dirigente_12.png\"><\/p>\n<h4 class=\"text-uppercase tit-dirigentes\"><span style=\"font-weight:bold;\"> \tRamiro Valdez Fontes<\/span><\/h4>\n<p><a href=\"wp-content\/themes\/awaken\/documentos\/dirigentes\/RAMIRO_VALDEZ_FONTES.pdf\" class=\"lnk-primary learn-more\">1981-1996<\/a><\/p>\n<\/p><\/div>\n<\/p><\/div>\n<\/p><\/div>\n<\/p><\/div>\n<div class=\"row\">\n<div class=\"col-md-3 col-sm-6\">\n<div class=\"featured-box featured-box-primary featured-box-effect-1\">\n<div class=\"box-content\">\n                                                                                <img decoding=\"async\" style=\"margin:0 auto;\" class=\"img-responsive center\" src=\"wp-content\/themes\/awaken\/images\/dirigentes\/dirigente_13.png\"><\/p>\n<h4 class=\"text-uppercase tit-dirigentes\"><span style=\"font-weight:bold;\">David Alvarez Angulo<\/span><\/h4>\n<p><a href=\"wp-content\/themes\/awaken\/documentos\/dirigentes\/DAVID_ALVAREZ_ANGULO.pdf\" class=\"lnk-primary learn-more\">1996-1999<\/a><\/p>\n<\/p><\/div>\n<\/p><\/div>\n<\/p><\/div>\n<div class=\"col-md-3 col-sm-6\">\n<div class=\"featured-box featured-box-primary featured-box-effect-1\">\n<div class=\"box-content\">\n                                                                                <img decoding=\"async\" style=\"margin:0 auto;\" class=\"img-responsive center\" src=\"wp-content\/themes\/awaken\/images\/dirigentes\/dirigente_14.png\"><\/p>\n<h4 class=\"text-uppercase tit-dirigentes\"><span style=\"font-weight:bold;\">Francisco Bojorquez Mungaray<\/span><\/h4>\n<p><a href=\"wp-content\/themes\/awaken\/documentos\/dirigentes\/FRANCISCO_BOJORQUEZ_MUNGARAY.pdf\" class=\"lnk-primary learn-more\">1999-2005, 2005-2010<\/a><\/p>\n<\/p><\/div>\n<\/p><\/div>\n<\/p><\/div>\n<div class=\"col-md-3 col-sm-6\"><\/div>\n<div class=\"col-md-3 col-sm-6\"><\/div>\n<\/p><\/div>\n<\/p><\/div>\n","protected":false},"excerpt":{"rendered":"Jacinto L\u00f3pez Moreno 1937-1941 Manuel Corbal\u00e1 Acu\u00f1a 1941-1943 Hermenegildo Pe\u00f1a Valencia 1943-1945 Vicente Padilla Hern\u00e1ndez 1945-1946 Francisco Figueroa Mendoza 1946-1948 Francisco C\u00e9sar Medina \n<a class=\"moretag\" href=\"http:\/\/www.ctmsonora.org\/?page_id=162\"> [...]<\/a>","protected":false},"author":1,"featured_media":0,"parent":0,"menu_order":0,"comment_status":"open","ping_status":"open","template":"","meta":{"footnotes":""},"class_list":["post-162","page","type-page","status-publish","hentry"],"_links":{"self":[{"href":"http:\/\/www.ctmsonora.org\/index.php?rest_route=\/wp\/v2\/pages\/162","targetHints":{"allow":["GET"]}}],"collection":[{"href":"http:\/\/www.ctmsonora.org\/index.php?rest_route=\/wp\/v2\/pages"}],"about":[{"href":"http:\/\/www.ctmsonora.org\/index.php?rest_route=\/wp\/v2\/types\/page"}],"author":[{"embeddable":true,"href":"http:\/\/www.ctmsonora.org\/index.php?rest_route=\/wp\/v2\/users\/1"}],"replies":[{"embeddable":true,"href":"http:\/\/www.ctmsonora.org\/index.php?rest_route=%2Fwp%2Fv2%2Fcomments&post=162"}],"version-history":[{"count":21,"href":"http:\/\/www.ctmsonora.org\/index.php?rest_route=\/wp\/v2\/pages\/162\/revisions"}],"predecessor-version":[{"id":7436,"href":"http:\/\/www.ctmsonora.org\/index.php?rest_route=\/wp\/v2\/pages\/162\/revisions\/7436"}],"wp:attachment":[{"href":"http:\/\/www.ctmsonora.org\/index.php?rest_route=%2Fwp%2Fv2%2Fmedia&parent=162"}],"curies":[{"name":"wp","href":"https:\/\/api.w.org\/{rel}","templated":true}]}}